{"id":12,"date":"2024-05-15T08:31:05","date_gmt":"2024-05-15T06:31:05","guid":{"rendered":"http:\/\/osz.oce.opolskie.pl\/?page_id=12"},"modified":"2025-05-22T08:28:59","modified_gmt":"2025-05-22T06:28:59","slug":"cel-projektu","status":"publish","type":"page","link":"https:\/\/osz.oce.opolskie.pl\/","title":{"rendered":"Cel projektu"},"content":{"rendered":"\r\n<p>Opis projektu pn.: <strong><em>\u201eOpolskie Szkolnictwo Zawodowe\u201d<\/em><\/strong><\/p>\r\n\r\n\r\n\r\n<p>Opolskie Centrum Edukacji realizuje projekt dofinansowany ze \u015brodk\u00f3w <strong><em>Europejskiego Funduszu Spo\u0142ecznego Plus <\/em><\/strong>w ramach programu regionalnego <strong>Fundusze Europejskie dla Opolskiego 2021-2027<\/strong><br \/><strong>nab\u00f3r nr: FEOP.05.09-IP.02-001\/23 dla Dzia\u0142ania 5.9 Kszta\u0142cenie zawodowe Priorytetu 5 Fundusze Europejskie wspieraj\u0105ce opolski rynek pracy i edukacj\u0119.<\/strong><\/p>\r\n\r\n\r\n\r\n<p>\u0141\u0105czny bud\u017cet projektu: <strong>28\u00a0327\u00a0483,04<\/strong> z\u0142<\/p>\r\n\r\n\r\n\r\n<p>Dofinansowanie projektu:<\/p>\r\n\r\n\r\n\r\n<p>\u2013 EFS+: <strong>24 078 360,58<\/strong> z\u0142<\/p>\r\n\r\n\r\n\r\n<p>\u2013 BP: <strong>1 416 374,15<\/strong> z\u0142<\/p>\r\n\r\n\r\n\r\n<p>Okres realizacji: <strong>01.09.2023 r. \u2013 31.08.2026 r.<\/strong><\/p>\r\n\r\n\r\n\r\n<p>Cel projektu:<\/p>\r\n\r\n\r\n\r\n<p><strong>Wsparcie uczni\u00f3w, kadry i szk\u00f3\u0142 z zespo\u0142\u00f3w szk\u00f3\u0142 kszta\u0142cenia zawodowego na rzecz dostosowania umiej\u0119tno\u015bci i kwalifikacji zawodowych do potrzeb rynku pracy poprzez wspieranie dost\u0119pu do dobrej jako\u015bci, w\u0142\u0105czaj\u0105cego kszta\u0142cenia zawodowego i szkolenia zawodowego, w tym dla os\u00f3b ze specjalnymi potrzebami.<\/strong><\/p>\r\n\r\n\r\n\r\n<p><strong>Dzia\u0142ania projektowe dla uczni\u00f3w<\/strong><\/p>\r\n\r\n\r\n\r\n<ul class=\"wp-block-list\">\r\n<li>doradztwo edukacyjno-zawodowe w Szkolnych Punktach Informacji i Kariery dla uczni\u00f3w, kt\u00f3rzy b\u0119d\u0105 realizowa\u0107 sta\u017ce uczniowskie,<\/li>\r\n\r\n\r\n\r\n<li>sta\u017ce uczniowskie w nowoczesnych firmach dla <strong>3.500<\/strong> uczni\u00f3w \u2013 stypendia sta\u017cowe, refundacje pracodawcom koszt\u00f3w realizacji sta\u017cowa uczniowskich,<\/li>\r\n\r\n\r\n\r\n<li>pozaszkolny formy kszta\u0142cenia zawodowego, w tym:\r\n<ul>\r\n<li>specjalistyczne kursy zawodowe dla 312 uczni\u00f3w w porozumieniu i wed\u0142ug zapotrzebowania zg\u0142aszanego przez rynek pracy;<\/li>\r\n<\/ul>\r\n<ul>\r\n<li>zaj\u0119cia warsztatowe w Laboratorium Bran\u017cowym OCE oraz w laboratoriach szk\u00f3\u0142 wy\u017cszych,<\/li>\r\n<\/ul>\r\n<ul>\r\n<li>specjalistyczne zaj\u0119cia pozalekcyjne z rozwoju kompetencji kluczowych,<\/li>\r\n<\/ul>\r\n<ul>\r\n<li>obozy naukowe i naukowo-sportowe,<\/li>\r\n<\/ul>\r\n<ul>\r\n<li>wyjazdy studyjne na targi bran\u017cowe,<\/li>\r\n<\/ul>\r\n\r\n<ul class=\"wp-block-list\">\r\n<li>wyjazdy studyjne do lokalnych pracodawc\u00f3w,<\/li>\r\n<\/ul>\r\n<\/li>\r\n\r\n\r\n\r\n<li>wsparcie rozwoju kompetencji z zakresu przedsi\u0119biorczo\u015bci, kreatywno\u015bci i zmys\u0142u inicjatywy.<\/li>\r\n\r\n\r\n\r\n<li>Efekty i rezultaty projektu w dzia\u0142aniach dla uczni\u00f3w:<br \/>\u2022\u00a0\u00a0\u00a0\u00a0\u00a0\u00a0\u00a0\u00a0\u00a0\u00a0\u00a0\u00a0 liczba uczni\u00f3w, kt\u00f3rzy nab\u0119d\u0105 kwalifikacje\/kompetencje po opuszczeniu projektu \u2013 2 800 uczni\u00f3w<\/li>\r\n<\/ul>\r\n\r\n\r\n\r\n<p><strong>Dzia\u0142ania projektowe dla kadry zespo\u0142\u00f3w szk\u00f3\u0142 kszta\u0142cenia zawodowego:<\/strong><\/p>\r\n\r\n\r\n\r\n<ul class=\"wp-block-list\">\r\n<li>doskonalenie zawodowe kadry szk\u00f3\u0142 kszta\u0142cenia zawodowego &#8211; refundacje dla 300 nauczycieli studi\u00f3w podyplomowych\/kurs\u00f3w podnosz\u0105cych kwalifikacje\/kompetencje kadry zespo\u0142\u00f3w szk\u00f3\u0142 kszta\u0142cenia zawodowego,<\/li>\r\n\r\n\r\n\r\n<li>sta\u017ce zawodowe (szkolenia bran\u017cowe) dla 100 nauczycieli zawodu;<\/li>\r\n\r\n\r\n\r\n<li>zaj\u0119cia warsztatowe w Laboratorium Bran\u017cowym OCE oraz w laboratoriach szk\u00f3\u0142 wy\u017cszych,<\/li>\r\n\r\n\r\n\r\n<li>konferencje i warsztaty dla kadry zespo\u0142\u00f3w szk\u00f3\u0142 kszta\u0142cenia zawodowego,<\/li>\r\n\r\n\r\n\r\n<li>wsparcie dzia\u0142alno\u015bci sieci funkcjonalnych \u2013 Klub Dyrektora Szko\u0142y Zawodowej, Wojew\u00f3dzka Sie\u0107 Nauczyciela Kszta\u0142cenia Zawodowego, Wojew\u00f3dzka Sie\u0107 Kierownika Praktycznej Nauki Zawodu.<\/li>\r\n\r\n\r\n\r\n<li>Efekty i rezultaty projektu w dzia\u0142aniach dla przedstawicieli kadr zespo\u0142\u00f3w szk\u00f3\u0142 kszta\u0142cenia zawodowego:<br \/>\u2022\u00a0\u00a0\u00a0\u00a0\u00a0\u00a0\u00a0\u00a0\u00a0\u00a0\u00a0\u00a0 liczba przedstawicieli kadr szk\u00f3\u0142 i plac\u00f3wek systemu o\u015bwiaty, kt\u00f3rzy nab\u0119d\u0105 kwalifikacje\/kompetencje po opuszczeniu projektu \u2013 400<\/li>\r\n<\/ul>\r\n\r\n\r\n\r\n<p><strong>Wsparcie zespo\u0142\u00f3w szk\u00f3\u0142 kszta\u0142cenia zawodowego:<\/strong><\/p>\r\n\r\n\r\n\r\n<ul class=\"wp-block-list\">\r\n<li>zakup pomocy dydaktycznych niezb\u0119dnych do realizacji specjalistycznych zaj\u0119\u0107 pozalekcyjnych<br \/>z zakresu rozwoju kompetencji z zakresu przedsi\u0119biorczo\u015bci, kreatywno\u015bci i zmys\u0142u inicjatywy.<\/li>\r\n<\/ul>\r\n\r\n\r\n\r\n<p><strong>Uczestnikami projektu s\u0105:<\/strong><\/p>\r\n\r\n\r\n\r\n<ul class=\"wp-block-list\">\r\n<li>uczniowie zespo\u0142\u00f3w szk\u00f3\u0142 kszta\u0142cenia zawodowego,<\/li>\r\n\r\n\r\n\r\n<li>kadra zespo\u0142\u00f3w szk\u00f3\u0142 kszta\u0142cenia zawodowego,<\/li>\r\n\r\n\r\n\r\n<li>zespo\u0142y szk\u00f3\u0142 kszta\u0142cenia zawodowego.<\/li>\r\n<\/ul>\r\n\r\n\r\n\r\n<p>Do projektu zaproszonych zosta\u0142o 54 zespo\u0142\u00f3w szk\u00f3\u0142 kszta\u0142cenia zawodowego<\/p>\r\n<p><strong>DOST\u0118PNO\u015a\u0106 WYKONAWC\u00d3W REALIZUJ\u0104CYCH ZAM\u00d3WIENIA W PROJEKCIE \u201eOPOLSKIE KSZTA\u0141CENIE ZAWODOWE\u201d:<\/strong><\/p>\r\n<p><strong>\u00a0<\/strong><\/p>\r\n<p><strong>Post\u0119powaniu o udzielenie zam\u00f3wienia publicznego pn.:<\/strong><\/p>\r\n<p>\u201eWynajem powierzchni konferencyjno-szkoleniowej z us\u0142ug\u0105 hotelow\u0105 i cateringow\u0105 na potrzeby warsztat\u00f3w w ramach projekt\u00f3w: \u201eKompetentne i kreatywne kszta\u0142cenie og\u00f3lne\u201d i \u201eOpolskie szkolnictwo zawodowe\u201d<\/p>\r\n<p>Budynek, w kt\u00f3rym zosta\u0142y zrealizowane warsztaty musia\u0142 by\u0107 dostosowany do obs\u0142ugi os\u00f3b z niepe\u0142nosprawno\u015bciami.<\/p>\r\n<p><strong>Cel g\u0142\u00f3wny dla projektu \u201eOpolskie Kszta\u0142cenie Zawodowe\u201d:<\/strong><\/p>\r\n<p>Wsparcie kadr szk\u00f3\u0142 i umo\u017cliwienie wymiany do\u015bwiadcze\u0144, rozwijanie nowych technik nauczania oraz zdobycie praktycznych umiej\u0119tno\u015bci. Wsparcie poprzez wymian\u0119 do\u015bwiadcze\u0144, dzielenie si\u0119 wiedz\u0105, zach\u0119canie nauczycieli do prowadzenia bada\u0144 pedagogicznych, eksperymentowania z nowymi metodami nauczania oraz tworzenia innowacyjnych narz\u0119dzi edukacyjnych w tym indywidualnego podej\u015bcia do ucznia ze SPE.<\/p>\r\n<p><strong>Termin realizacji us\u0142ugi<\/strong>: <strong>03-04 grudnia 2024r (wtorek-\u015broda)<\/strong><\/p>\r\n<p>HOTEL DESILVA PREMIUM OPOLE<\/p>\r\n<p>45-078 Opole ul. Powolnego 10<\/p>\r\n<p>tel.\u00a0+48 77 540 70 00<\/p>\r\n<p>email:\u00a0opole@desilva.pl<\/p>\r\n<p><a href=\"https:\/\/www.desilva.pl\/opole\/\">https:\/\/www.desilva.pl\/opole\/<\/a><\/p>\r\n<p><strong>\u00a0<\/strong><\/p>\r\n<p><strong>DOST\u0118PNO\u015a\u0106 SZK\u00d3\u0141 UCZESTNICZ\u0104CYCH W PROJEKCIE \u201eOPOLSKIE SZKOLNICTWO ZAWODOWE\u201d:<\/strong><\/p>\r\n<p>&nbsp;<\/p>\r\n<p>ZESP\u00d3\u0141 SZK\u00d3\u0141 CENTRUM KSZTA\u0141CENIA ROLNICZEGO IM. KS. DR JANA DZIER\u017bONIA W BOGDA\u0143CZOWICACH<\/p>\r\n<p>Bogda\u0144czowice 1a; 46-233 B\u0105k\u00f3w<\/p>\r\n<p>tel. 774131804\u00a0\u00a0\u00a0\u00a0\u00a0\u00a0\u00a0\u00a0\u00a0\u00a0\u00a0\u00a0\u00a0\u00a0\u00a0\u00a0\u00a0\u00a0\u00a0\u00a0\u00a0\u00a0\u00a0\u00a0\u00a0\u00a0\u00a0<\/p>\r\n<p>e-mail: sekretariat@zsckrbogdanczowice.pl\u00a0\u00a0\u00a0\u00a0\u00a0\u00a0\u00a0\u00a0<\/p>\r\n<p><a href=\"https:\/\/zsckrbogdanczowice.pl\/deklaracja\/\">https:\/\/zsckrbogdanczowice.pl\/deklaracja\/<\/a> \u00a0\u00a0\u00a0\u00a0\u00a0\u00a0\u00a0\u00a0\u00a0\u00a0<\/p>\r\n<p>&nbsp;<\/p>\r\n<p>ZESP\u00d3\u0141 SZK\u00d3\u0141 BUDOWLANYCH IM. KSI\u0118CIA JERZEGO II PIASTA W BRZEGU<\/p>\r\n<p>49-300 \u00a0Brzeg ul. Kamienna 3<\/p>\r\n<p>tel. 774162507\u00a0\u00a0\u00a0\u00a0\u00a0\u00a0\u00a0\u00a0\u00a0\u00a0\u00a0\u00a0\u00a0\u00a0\u00a0\u00a0\u00a0\u00a0\u00a0\u00a0\u00a0\u00a0\u00a0\u00a0\u00a0\u00a0\u00a0<\/p>\r\n<p>e-mail: sekretariat@zsbbrzeg.pl<\/p>\r\n<p>https:\/\/zsbbrzeg.pl\/deklaracja-dostepnosci,206,pl<\/p>\r\n<p>&nbsp;<\/p>\r\n<p>ZESP\u00d3\u0141 SZK\u00d3\u0141 EKONOMICZNYCH W BRZEGU<\/p>\r\n<p>49-300 Brzeg ul. Jana Paw\u0142a II<\/p>\r\n<p>tel. 774162794\u00a0\u00a0\u00a0\u00a0\u00a0\u00a0\u00a0\u00a0\u00a0\u00a0\u00a0\u00a0\u00a0\u00a0\u00a0\u00a0\u00a0\u00a0\u00a0\u00a0\u00a0\u00a0\u00a0\u00a0\u00a0\u00a0\u00a0<\/p>\r\n<p>e-mail: sekretariat@zsebrzeg.pl<\/p>\r\n<p><a href=\"https:\/\/zsebrzeg.pl\/2213-2\/\">https:\/\/zsebrzeg.pl\/2213-2\/ <\/a> \u00a0\u00a0\u00a0\u00a0\u00a0\u00a0\u00a0\u00a0\u00a0\u00a0\u00a0\u00a0\u00a0\u00a0<\/p>\r\n<p>&nbsp;<\/p>\r\n<p>ZESP\u00d3\u0141 SZK\u00d3\u0141 ZAWODOWYCH NR 1 IM. MARII SK\u0141ODOWSKIEJ- CURIE W BRZEGU<\/p>\r\n<p>49-200 \u00a0Brzeg \u00a0ul. S\u0142owia\u0144ska 18<\/p>\r\n<p>tel. 774163512\u00a0\u00a0\u00a0\u00a0\u00a0\u00a0\u00a0\u00a0\u00a0\u00a0\u00a0\u00a0\u00a0\u00a0\u00a0\u00a0\u00a0\u00a0\u00a0\u00a0\u00a0\u00a0\u00a0\u00a0\u00a0\u00a0\u00a0<\/p>\r\n<p>e-mail: sekretariat@zsebrzeg.pl \u00a0\u00a0\u00a0\u00a0\u00a0\u00a0\u00a0\u00a0\u00a0\u00a0\u00a0\u00a0\u00a0\u00a0\u00a0\u00a0\u00a0\u00a0\u00a0\u00a0<\/p>\r\n<p><a href=\"https:\/\/zsebrzeg.pl\/2213-2\/\">https:\/\/zsebrzeg.pl\/2213-2\/<\/a><\/p>\r\n<p>&nbsp;<\/p>\r\n<p>ZESP\u00d3\u0141 SZK\u00d3\u0141 W DOBRODZIENIU\u00a0\u00a0\u00a0\u00a0\u00a0\u00a0\u00a0\u00a0\u00a0\u00a0\u00a0\u00a0\u00a0\u00a0\u00a0\u00a0\u00a0\u00a0\u00a0\u00a0\u00a0\u00a0\u00a0\u00a0\u00a0\u00a0\u00a0\u00a0\u00a0\u00a0\u00a0\u00a0\u00a0\u00a0\u00a0\u00a0\u00a0\u00a0\u00a0\u00a0\u00a0\u00a0\u00a0\u00a0\u00a0\u00a0<\/p>\r\n<p>46-380 Dobrodzie\u0144 \u00a0ul. Oleska 7<\/p>\r\n<p>tel.77343575246\u00a0\u00a0\u00a0\u00a0\u00a0\u00a0\u00a0\u00a0\u00a0\u00a0\u00a0\u00a0\u00a0\u00a0\u00a0\u00a0\u00a0\u00a0\u00a0\u00a0\u00a0\u00a0<\/p>\r\n<p>e-mail: zsdobrodzien@poczta.onet.pl\u00a0\u00a0\u00a0\u00a0\u00a0\u00a0\u00a0\u00a0\u00a0\u00a0\u00a0\u00a0\u00a0\u00a0\u00a0\u00a0\u00a0\u00a0\u00a0\u00a0\u00a0\u00a0\u00a0<\/p>\r\n<p><a href=\"https:\/\/www.zsdobrodzien.pl\/index.php?option=com_content&amp;view=article&amp;id=302&amp;Itemid=1093\">https:\/\/www.zsdobrodzien.pl\/index.php?option=com_content&amp;view=article&amp;id=302&amp;Itemid=1093<\/a><\/p>\r\n<p>&nbsp;<\/p>\r\n<p>ZESP\u00d3\u0141 SZK\u00d3\u0141 W DOBRZENIU WIELKIM \u00a0\u00a0\u00a0\u00a0\u00a0\u00a0\u00a0\u00a0\u00a0\u00a0\u00a0\u00a0\u00a0\u00a0\u00a0\u00a0<\/p>\r\n<p>46-081 Dobrze\u0144 Wielki \u00a0ul. Opolska 87<\/p>\r\n<p>tel. 774032570\u00a0\u00a0\u00a0\u00a0\u00a0\u00a0\u00a0\u00a0\u00a0\u00a0\u00a0\u00a0\u00a0\u00a0\u00a0\u00a0\u00a0\u00a0\u00a0\u00a0\u00a0\u00a0\u00a0\u00a0\u00a0\u00a0\u00a0<\/p>\r\n<p>e-mail: zsz_dobrzen@op.pl<\/p>\r\n<p><a href=\"http:\/\/www.dobrzenmaly.hg.pl\/zsz1\/index.php\/about\/plan-dla-technikum\">http:\/\/www.dobrzenmaly.hg.pl\/zsz1\/index.php\/about\/plan-dla-technikum<\/a><\/p>\r\n<p>&nbsp;<\/p>\r\n<p>ZESP\u00d3\u0141 SZK\u00d3\u0141 W G\u0141OG\u00d3WKU<\/p>\r\n<p>48-250 G\u0142og\u00f3wek \u00a0ul. Powsta\u0144c\u00f3w \u015al\u0105skich 34<\/p>\r\n<p>tel. 774373301\u00a0\u00a0\u00a0\u00a0\u00a0\u00a0\u00a0\u00a0\u00a0\u00a0\u00a0\u00a0\u00a0\u00a0\u00a0\u00a0\u00a0\u00a0\u00a0\u00a0\u00a0\u00a0\u00a0\u00a0\u00a0\u00a0\u00a0<\/p>\r\n<p>e-mail:\u00a0 admin@zsglogowek.pl\u00a0\u00a0\u00a0\u00a0\u00a0\u00a0\u00a0<\/p>\r\n<p><a href=\"https:\/\/zsglogowek.net\/strona_32.html\">https:\/\/zsglogowek.net\/strona_32.html<\/a><\/p>\r\n<p>&nbsp;<\/p>\r\n<p>ZESP\u00d3\u0141 SZK\u00d3\u0141 CENTRUM KSZTA\u0141CENIA ROLNICZEGO IM. W\u0141ADYS\u0141AWA SZAFERA W G\u0141UBCZYCACH<\/p>\r\n<p>48-100 \u00a0G\u0142ubczyce \u00a0ul. Niepodleg\u0142o\u015bci 2<\/p>\r\n<p>tel. 774853011\u00a0\u00a0\u00a0\u00a0\u00a0\u00a0\u00a0\u00a0\u00a0\u00a0\u00a0\u00a0\u00a0\u00a0\u00a0\u00a0\u00a0\u00a0\u00a0\u00a0\u00a0\u00a0\u00a0\u00a0\u00a0\u00a0\u00a0<\/p>\r\n<p>e-mail: sekretariat@rolniczakogl.pl<\/p>\r\n<p><a href=\"https:\/\/www.rolniczakogl.pl\/deklaracja-dostepnosci\/\">https:\/\/www.rolniczakogl.pl\/deklaracja-dostepnosci\/<\/a><\/p>\r\n<p>&nbsp;<\/p>\r\n<p>ZESP\u00d3\u0141 SZK\u00d3\u0141 MECHANICZNYCH W G\u0141UBCZYCACH<\/p>\r\n<p>48-100 G\u0142ubczyce \u00a0Aleja \u015al\u0105ska 1<\/p>\r\n<p>tel. 774853087\u00a0\u00a0\u00a0\u00a0\u00a0\u00a0\u00a0\u00a0\u00a0\u00a0\u00a0\u00a0\u00a0\u00a0\u00a0\u00a0\u00a0\u00a0\u00a0\u00a0\u00a0\u00a0\u00a0\u00a0\u00a0\u00a0\u00a0<\/p>\r\n<p>e-mail: sekretariat@zsmglubczyce.pl<\/p>\r\n<p><a href=\"https:\/\/zsm.powiatglubczycki.pl\/1161\/240\/raport-o-stanie-dostepnosci.html\">https:\/\/zsm.powiatglubczycki.pl\/1161\/240\/raport-o-stanie-dostepnosci.html<\/a><\/p>\r\n<p>&nbsp;<\/p>\r\n<p>ZESP\u00d3\u0141 SZK\u00d3\u0141 W G\u0141UCHO\u0141AZACH<\/p>\r\n<p>48-340 G\u0142ucho\u0142azy \u00a0ul. Kolonia Kaszubska 2<\/p>\r\n<p>tel. 774391462\u00a0\u00a0\u00a0\u00a0\u00a0\u00a0\u00a0\u00a0\u00a0\u00a0\u00a0\u00a0\u00a0\u00a0\u00a0\u00a0\u00a0\u00a0\u00a0\u00a0\u00a0\u00a0\u00a0\u00a0\u00a0\u00a0\u00a0<\/p>\r\n<p>e-mail: zsglucholazy@wodip.opole.pl\u00a0\u00a0\u00a0\u00a0\u00a0\u00a0\u00a0\u00a0<\/p>\r\n<p><a href=\"https:\/\/www.zsglucholazy.pl\/o-szkole\/informacje-o-zs\/deklaracja-dostepnosci\">https:\/\/www.zsglucholazy.pl\/o-szkole\/informacje-o-zs\/deklaracja-dostepnosci<\/a><\/p>\r\n<p>&nbsp;<\/p>\r\n<p>ZESP\u00d3\u0141 SZK\u00d3\u0141 W GORZOWIE \u015aL\u0104SKIM\u00a0\u00a0\u00a0\u00a0\u00a0\u00a0\u00a0\u00a0\u00a0\u00a0\u00a0\u00a0\u00a0\u00a0\u00a0<\/p>\r\n<p>46-310 Gorz\u00f3w \u015al\u0105ski ul. Byczy\u0144ska 9<\/p>\r\n<p>tel. 343594216\u00a0\u00a0\u00a0\u00a0\u00a0\u00a0\u00a0\u00a0\u00a0\u00a0\u00a0\u00a0\u00a0\u00a0\u00a0\u00a0\u00a0\u00a0\u00a0\u00a0\u00a0\u00a0\u00a0\u00a0\u00a0\u00a0\u00a0<\/p>\r\n<p>e-mail: sekretariat@zsgorzow.pl \u00a0\u00a0\u00a0\u00a0\u00a0\u00a0\u00a0\u00a0\u00a0\u00a0\u00a0\u00a0\u00a0\u00a0\u00a0\u00a0\u00a0\u00a0\u00a0<\/p>\r\n<p><a href=\"https:\/\/zsgorzow.pl\/page\/custom\/dostepnosc\">https:\/\/zsgorzow.pl\/page\/custom\/dostepnosc<\/a><\/p>\r\n<p>&nbsp;<\/p>\r\n<p>ZESP\u00d3\u0141 SZK\u00d3\u0141 PONADPODSTAWOWYCH W GRODKOWIE \u00a0\u00a0\u00a0\u00a0\u00a0\u00a0\u00a0\u00a0\u00a0\u00a0\u00a0\u00a0\u00a0\u00a0\u00a0\u00a0\u00a0\u00a0\u00a0\u00a0\u00a0\u00a0\u00a0\u00a0\u00a0\u00a0\u00a0\u00a0\u00a0\u00a0\u00a0\u00a0\u00a0\u00a0\u00a0\u00a0\u00a0\u00a0<\/p>\r\n<p>49-200 Grodk\u00f3w \u00a0ul. Krakowska 20<\/p>\r\n<p>tel. 774155294\u00a0\u00a0\u00a0\u00a0\u00a0\u00a0\u00a0\u00a0\u00a0\u00a0\u00a0\u00a0\u00a0\u00a0\u00a0\u00a0\u00a0\u00a0\u00a0\u00a0\u00a0\u00a0\u00a0\u00a0\u00a0\u00a0\u00a0<\/p>\r\n<p>e-mail: kontakt@zsgrd.pl\u00a0\u00a0\u00a0\u00a0\u00a0\u00a0\u00a0\u00a0\u00a0\u00a0\u00a0\u00a0\u00a0\u00a0\u00a0\u00a0\u00a0\u00a0\u00a0\u00a0<\/p>\r\n<p><a href=\"https:\/\/deklaracja-dostepnosci.info\/deklaracja\/9kxlr2amtj1sk8xn\">https:\/\/deklaracja-dostepnosci.info\/deklaracja\/9kxlr2amtj1sk8xn<\/a><\/p>\r\n<p>&nbsp;<\/p>\r\n<p>ZESP\u00d3\u0141 SZK\u00d3\u0141 NR 1 IM. POWSTA\u0143C\u00d3W \u015aL\u0104SKICH W K\u0118DZIERZYNIE-KO\u0179LU \u00a0\u00a0\u00a0\u00a0\u00a0\u00a0\u00a0\u00a0\u00a0\u00a0\u00a0\u00a0\u00a0\u00a0\u00a0\u00a0\u00a0\u00a0\u00a0\u00a0\u00a0\u00a0\u00a0\u00a0\u00a0\u00a0\u00a0\u00a0\u00a0\u00a0\u00a0\u00a0\u00a0\u00a0\u00a0\u00a0\u00a0\u00a0\u00a0\u00a0\u00a0\u00a0\u00a0<\/p>\r\n<p>47-200 K\u0119dzierzyn-Ko\u017ale \u00a0ul. Skarbowa 2<\/p>\r\n<p>tel. 774825950\u00a0\u00a0\u00a0\u00a0\u00a0\u00a0\u00a0\u00a0\u00a0\u00a0\u00a0\u00a0\u00a0\u00a0\u00a0\u00a0\u00a0\u00a0\u00a0\u00a0\u00a0\u00a0\u00a0\u00a0\u00a0\u00a0\u00a0<\/p>\r\n<p>e-mail:zs1@zs1.edu.pl\u00a0\u00a0\u00a0\u00a0\u00a0\u00a0\u00a0\u00a0\u00a0\u00a0\u00a0\u00a0\u00a0\u00a0\u00a0\u00a0\u00a0\u00a0\u00a0\u00a0\u00a0\u00a0\u00a0\u00a0\u00a0<\/p>\r\n<p><a href=\"https:\/\/zs1.edu.pl\/deklaracja-dostepnosci\/\">https:\/\/zs1.edu.pl\/deklaracja-dostepnosci\/<\/a><\/p>\r\n<p>&nbsp;<\/p>\r\n<p>ZESP\u00d3\u0141 SZK\u00d3\u0141 NR 3 IM. MIKO\u0141AJA REJA\u00a0 W K\u0118DZIERZYNIE-KO\u0179LU\u00a0\u00a0\u00a0\u00a0\u00a0\u00a0\u00a0\u00a0\u00a0\u00a0\u00a0\u00a0\u00a0\u00a0\u00a0\u00a0\u00a0\u00a0\u00a0\u00a0\u00a0\u00a0\u00a0\u00a0\u00a0\u00a0\u00a0\u00a0\u00a0\u00a0\u00a0\u00a0\u00a0\u00a0\u00a0\u00a0\u00a0\u00a0<\/p>\r\n<p>47-230 K\u0119dzierzyn-Ko\u017ale \u00a0ul. S\u0142awi\u0119cicka 79<\/p>\r\n<p>tel. 774834993\u00a0\u00a0\u00a0\u00a0\u00a0\u00a0\u00a0\u00a0\u00a0\u00a0\u00a0\u00a0\u00a0\u00a0\u00a0\u00a0\u00a0\u00a0\u00a0\u00a0\u00a0\u00a0\u00a0\u00a0\u00a0\u00a0\u00a0<\/p>\r\n<p>e-mail: sekretariat@slawiecice.edu.pl\u00a0\u00a0\u00a0\u00a0\u00a0\u00a0\u00a0\u00a0\u00a0\u00a0\u00a0\u00a0\u00a0\u00a0\u00a0\u00a0\u00a0\u00a0\u00a0\u00a0\u00a0\u00a0\u00a0<\/p>\r\n<p><a href=\"https:\/\/www.slawiecice.edu.pl\/o-szkole\/deklaracja-dostepnosci\">https:\/\/www.slawiecice.edu.pl\/o-szkole\/deklaracja-dostepnosci<\/a><\/p>\r\n<p>&nbsp;<\/p>\r\n<p>ZESP\u00d3\u0141 SZK\u00d3\u0141 SPECJALNYCH JANA BRZECHWY\u00a0 W K\u0118DZIERZYNIE-KO\u0179LU\u00a0\u00a0\u00a0\u00a0\u00a0\u00a0\u00a0\u00a0\u00a0\u00a0\u00a0\u00a0\u00a0\u00a0\u00a0\u00a0\u00a0\u00a0\u00a0\u00a0\u00a0\u00a0\u00a0\u00a0\u00a0\u00a0\u00a0\u00a0\u00a0\u00a0\u00a0\u00a0\u00a0\u00a0<\/p>\r\n<p>47-206 K\u0119dzierzyn-Ko\u017ale \u00a0ul. Krasickiego 10<\/p>\r\n<p>tel. 774823564\u00a0\u00a0\u00a0\u00a0\u00a0\u00a0\u00a0\u00a0\u00a0\u00a0\u00a0\u00a0\u00a0\u00a0\u00a0\u00a0\u00a0\u00a0\u00a0\u00a0\u00a0\u00a0\u00a0\u00a0\u00a0\u00a0\u00a0<\/p>\r\n<p>e-mail: zss.kkozle@op.pl \u00a0\u00a0\u00a0\u00a0\u00a0\u00a0\u00a0\u00a0\u00a0\u00a0\u00a0\u00a0\u00a0\u00a0\u00a0\u00a0\u00a0\u00a0\u00a0\u00a0<\/p>\r\n<p><a href=\"https:\/\/szkolabrzechwy.pl\/?page_id=475\">https:\/\/szkolabrzechwy.pl\/?page_id=475<\/a><\/p>\r\n<p>&nbsp;<\/p>\r\n<p>ZESP\u00d3\u0141 SZK\u00d3\u0141 TECHNICZNYCH I OG\u00d3LNOKSZTA\u0141C\u0104CYCH W K\u0118DZIERZYNIE-KO\u0179LU\u00a0\u00a0\u00a0\u00a0\u00a0\u00a0\u00a0\u00a0\u00a0\u00a0\u00a0\u00a0\u00a0\u00a0\u00a0\u00a0\u00a0\u00a0\u00a0\u00a0\u00a0\u00a0\u00a0\u00a0\u00a0\u00a0\u00a0\u00a0\u00a0\u00a0\u00a0\u00a0\u00a0\u00a0\u00a0\u00a0\u00a0\u00a0\u00a0\u00a0<\/p>\r\n<p>47-223 \u00a0K\u0119dzierzyn-Ko\u017ale \u00a0ul. Mostowa 7<\/p>\r\n<p>tel. 774812209\u00a0\u00a0\u00a0\u00a0\u00a0\u00a0\u00a0\u00a0\u00a0\u00a0\u00a0\u00a0\u00a0\u00a0\u00a0\u00a0\u00a0\u00a0\u00a0\u00a0\u00a0\u00a0\u00a0\u00a0\u00a0\u00a0\u00a0<\/p>\r\n<p>e-mail: zstio@zstio.net \u00a0\u00a0\u00a0\u00a0\u00a0\u00a0\u00a0\u00a0<\/p>\r\n<p><a href=\"https:\/\/zstio.szkolnybip.pl\/index.php?c=deklaracja\">https:\/\/zstio.szkolnybip.pl\/index.php?c=deklaracja<\/a><\/p>\r\n<p>&nbsp;<\/p>\r\n<p>ZESP\u00d3\u0141 SZK\u00d3\u0141 \u017bEGLUGI \u015aR\u00d3DL\u0104DOWEJ IM. BOHATER\u00d3W WESTERPLATTE\u00a0\u00a0\u00a0\u00a0\u00a0\u00a0\u00a0\u00a0\u00a0\u00a0\u00a0\u00a0\u00a0\u00a0\u00a0\u00a0\u00a0\u00a0\u00a0\u00a0\u00a0\u00a0\u00a0\u00a0\u00a0\u00a0\u00a0\u00a0\u00a0\u00a0\u00a0<\/p>\r\n<p>47-200 K\u0119dzierzyn-Ko\u017ale \u00a0ul. Bohater\u00f3w Westerplatte \u00a01<\/p>\r\n<p>tel. 774061650\u00a0\u00a0\u00a0\u00a0\u00a0\u00a0\u00a0\u00a0\u00a0\u00a0\u00a0\u00a0\u00a0\u00a0\u00a0\u00a0\u00a0\u00a0\u00a0\u00a0\u00a0\u00a0\u00a0\u00a0\u00a0\u00a0\u00a0<\/p>\r\n<p>e-mail: sekretariat@zegluga.edu.pl\u00a0 \u00a0<\/p>\r\n<p><a href=\"https:\/\/n.zegluga.edu.pl\/?page_id=188\">https:\/\/n.zegluga.edu.pl\/?page_id=188<\/a><\/p>\r\n<p>&nbsp;<\/p>\r\n<p>ZESP\u00d3\u0141 SZK\u00d3\u0141 LICEALNO-TECHNICZNYCH W KLUCZBORKU \u00a0\u00a0\u00a0\u00a0\u00a0\u00a0\u00a0\u00a0\u00a0\u00a0\u00a0\u00a0\u00a0\u00a0\u00a0\u00a0\u00a0\u00a0\u00a0\u00a0\u00a0\u00a0\u00a0\u00a0\u00a0\u00a0\u00a0\u00a0\u00a0\u00a0\u00a0\u00a0<\/p>\r\n<p>46-200 Kluczbork \u00a0ul. Sienkiewicza 20<\/p>\r\n<p>tel. 774181104\u00a0\u00a0\u00a0\u00a0\u00a0\u00a0\u00a0\u00a0\u00a0\u00a0\u00a0\u00a0\u00a0\u00a0\u00a0\u00a0\u00a0\u00a0\u00a0\u00a0\u00a0\u00a0\u00a0\u00a0\u00a0\u00a0\u00a0<\/p>\r\n<p>e-mail: sekretariat@zslt.klucznet.pl \u00a0\u00a0\u00a0\u00a0\u00a0\u00a0\u00a0\u00a0\u00a0\u00a0\u00a0<\/p>\r\n<p><a href=\"https:\/\/zslt.bip.klucznet.pl\/deklaracja-dostepnosci\/\">https:\/\/zslt.bip.klucznet.pl\/deklaracja-dostepnosci\/<\/a><\/p>\r\n<p>&nbsp;<\/p>\r\n<p>ZESP\u00d3\u0141 SZK\u00d3\u0141 NR 1 W KLUCZBORKU<\/p>\r\n<p>46-200 Kluczbork ul. Marii Sk\u0142odowskiej-Curie 13<\/p>\r\n<p>tel. 774182546 \u00a0\u00a0\u00a0\u00a0\u00a0\u00a0\u00a0\u00a0\u00a0\u00a0\u00a0\u00a0\u00a0\u00a0\u00a0\u00a0\u00a0\u00a0\u00a0\u00a0\u00a0\u00a0\u00a0\u00a0\u00a0\u00a0<\/p>\r\n<p>e-mail: zs1kluczbork@powiatkluczborski.pl\u00a0\u00a0\u00a0\u00a0\u00a0\u00a0\u00a0\u00a0\u00a0\u00a0\u00a0\u00a0\u00a0\u00a0\u00a0\u00a0\u00a0\u00a0\u00a0\u00a0\u00a0\u00a0\u00a0\u00a0\u00a0<\/p>\r\n<p>http:\/\/www.zs1kluczbork.pl\/\u00a0<\/p>\r\n<p>&nbsp;<\/p>\r\n<p>ZESP\u00d3\u0141 SZK\u00d3\u0141 NR 2 CENTRUM KSZTA\u0141CENIA USTAWICZNEGO W KLUCZBORKU \u00a0\u00a0\u00a0\u00a0\u00a0\u00a0\u00a0\u00a0\u00a0\u00a0\u00a0\u00a0\u00a0\u00a0\u00a0\u00a0\u00a0\u00a0\u00a0\u00a0\u00a0\u00a0\u00a0\u00a0\u00a0\u00a0\u00a0\u00a0\u00a0\u00a0\u00a0\u00a0\u00a0\u00a0<\/p>\r\n<p>46-200 Kluczbork ul. Byczy\u0144ska 7<\/p>\r\n<p>tel. 774182600\u00a0\u00a0\u00a0\u00a0\u00a0\u00a0\u00a0\u00a0\u00a0\u00a0\u00a0\u00a0\u00a0\u00a0\u00a0\u00a0\u00a0\u00a0\u00a0\u00a0\u00a0\u00a0\u00a0\u00a0\u00a0\u00a0\u00a0<\/p>\r\n<p>e-mail: sekretariat@zsp2cku.pl \u00a0\u00a0\u00a0\u00a0\u00a0<\/p>\r\n<p><a href=\"https:\/\/zsp2kluczbork.edupage.org\/privacy\/?eqa=cHJpc3R1cG5vc3Q9MQ%3D%3D\">https:\/\/zsp2kluczbork.edupage.org\/privacy\/?eqa=cHJpc3R1cG5vc3Q9MQ%3D%3D<\/a><\/p>\r\n<p>&nbsp;<\/p>\r\n<p>ZESP\u00d3\u0141 SZK\u00d3\u0141 ZAWODOWYCH IM. PIAST\u00d3W OPOLSKICH W KRAPKOWICACH\u00a0\u00a0\u00a0\u00a0\u00a0\u00a0\u00a0\u00a0\u00a0\u00a0\u00a0\u00a0\u00a0\u00a0\u00a0\u00a0\u00a0\u00a0\u00a0\u00a0\u00a0\u00a0\u00a0\u00a0\u00a0<\/p>\r\n<p>47-300 Krapkowice ul. Zamkowa 5<\/p>\r\n<p>tel. 774661338\u00a0\u00a0\u00a0\u00a0\u00a0\u00a0\u00a0\u00a0\u00a0\u00a0\u00a0\u00a0\u00a0\u00a0\u00a0\u00a0\u00a0\u00a0\u00a0\u00a0\u00a0\u00a0\u00a0\u00a0\u00a0\u00a0\u00a0<\/p>\r\n<p>e-mail: sekretariat@zamek.krapkowice.pl\u00a0\u00a0\u00a0\u00a0\u00a0\u00a0\u00a0\u00a0\u00a0\u00a0\u00a0\u00a0\u00a0<\/p>\r\n<p><a href=\"http:\/\/www.zamek.krapkowice.pl\/szkola-deklaracja-dostepnosci\">http:\/\/www.zamek.krapkowice.pl\/szkola-deklaracja-dostepnosci<\/a><\/p>\r\n<p>&nbsp;<\/p>\r\n<p>ZESP\u00d3\u0141 SZK\u00d3\u0141 ROLNICZYCH IM. TADEUSZA KO\u015aCIUSZKI W NAMYS\u0141OWIE\u00a0\u00a0\u00a0\u00a0\u00a0\u00a0\u00a0\u00a0\u00a0\u00a0\u00a0\u00a0\u00a0\u00a0\u00a0\u00a0\u00a0\u00a0\u00a0\u00a0\u00a0\u00a0\u00a0\u00a0\u00a0\u00a0\u00a0\u00a0\u00a0\u00a0\u00a0\u00a0\u00a0\u00a0<\/p>\r\n<p>46-100 Namys\u0142\u00f3w ul. Pu\u0142askiego 10<\/p>\r\n<p>tel. 774100432 \u00a0\u00a0\u00a0\u00a0\u00a0\u00a0\u00a0\u00a0\u00a0\u00a0\u00a0\u00a0\u00a0\u00a0\u00a0\u00a0\u00a0\u00a0\u00a0\u00a0\u00a0\u00a0\u00a0\u00a0\u00a0\u00a0<\/p>\r\n<p>e-mail: zsr@op.home.pl\u00a0\u00a0\u00a0\u00a0\u00a0\u00a0\u00a0\u00a0\u00a0\u00a0\u00a0\u00a0\u00a0\u00a0\u00a0\u00a0\u00a0\u00a0\u00a0\u00a0\u00a0\u00a0<\/p>\r\n<p><a href=\"https:\/\/zsrnamyslow.pl\/deklaracja-dostepnosci.html\">https:\/\/zsrnamyslow.pl\/deklaracja-dostepnosci.html<\/a><\/p>\r\n<p>&nbsp;<\/p>\r\n<p>ZESP\u00d3\u0141 SZK\u00d3\u0141\u00a0 MECHANICZNYCH IM. \u017bO\u0141NIERZY WRZE\u015aNIA 1939 ROKU W NAMYS\u0141OWIE\u00a0\u00a0\u00a0\u00a0\u00a0\u00a0\u00a0\u00a0\u00a0\u00a0\u00a0\u00a0\u00a0\u00a0\u00a0\u00a0\u00a0\u00a0\u00a0\u00a0\u00a0\u00a0\u00a0\u00a0\u00a0\u00a0\u00a0<\/p>\r\n<p>46-100 Namys\u0142\u00f3w\u00a0\u00a0\u00a0\u00a0\u00a0 ul. Pu\u0142askiego 3<\/p>\r\n<p>tel. 774101627\u00a0 \u00a0\u00a0\u00a0\u00a0\u00a0\u00a0\u00a0\u00a0\u00a0\u00a0\u00a0\u00a0\u00a0\u00a0\u00a0\u00a0\u00a0\u00a0\u00a0\u00a0\u00a0\u00a0\u00a0\u00a0\u00a0<\/p>\r\n<p>e-mail: sekretariat@mechanik-namyslow.pl \u00a0\u00a0\u00a0\u00a0\u00a0\u00a0\u00a0\u00a0\u00a0\u00a0\u00a0\u00a0\u00a0\u00a0\u00a0\u00a0\u00a0\u00a0\u00a0\u00a0\u00a0\u00a0\u00a0\u00a0<\/p>\r\n<p><a href=\"http:\/\/mechanik-namyslow.pl\/deklaracja-dostepnosci\/\">http:\/\/mechanik-namyslow.pl\/deklaracja-dostepnosci\/<\/a><\/p>\r\n<p>&nbsp;<\/p>\r\n<p>CENTRUM KSZTA\u0141CENIA ZAWODOWEGO I USTAWICZNEGO W NYSIE \u00a0\u00a0\u00a0\u00a0\u00a0\u00a0\u00a0\u00a0\u00a0\u00a0\u00a0\u00a0\u00a0\u00a0\u00a0\u00a0\u00a0\u00a0\u00a0\u00a0\u00a0\u00a0\u00a0\u00a0\u00a0\u00a0\u00a0\u00a0\u00a0\u00a0\u00a0\u00a0\u00a0\u00a0\u00a0\u00a0\u00a0\u00a0\u00a0\u00a0\u00a0\u00a0\u00a0\u00a0<\/p>\r\n<p>48-303 Nysa \u00a0ul. Orkana 6<\/p>\r\n<p>tel. 774333439 \u00a0\u00a0\u00a0\u00a0\u00a0\u00a0\u00a0\u00a0\u00a0\u00a0\u00a0\u00a0\u00a0\u00a0\u00a0\u00a0\u00a0\u00a0\u00a0\u00a0\u00a0\u00a0\u00a0\u00a0\u00a0\u00a0<\/p>\r\n<p>e-mail: sekretariat@ckziu.nysa.pl\u00a0\u00a0\u00a0\u00a0\u00a0\u00a0\u00a0\u00a0\u00a0\u00a0\u00a0\u00a0\u00a0\u00a0\u00a0\u00a0<\/p>\r\n<p><a href=\"https:\/\/ckziu.nysa.pl\/j\/dostpno-cyfrowa.html\">https:\/\/ckziu.nysa.pl\/j\/dostpno-cyfrowa.html<\/a><\/p>\r\n<p>&nbsp;<\/p>\r\n<p>ZESP\u00d3\u0141 SZK\u00d3\u0141 EKONOMICZNYCH W NYSIE \u00a0\u00a0\u00a0\u00a0\u00a0\u00a0\u00a0\u00a0\u00a0\u00a0\u00a0\u00a0\u00a0\u00a0\u00a0\u00a0\u00a0\u00a0\u00a0\u00a0\u00a0\u00a0\u00a0\u00a0<\/p>\r\n<p>48-300 Nysa Plac Sikorskiego 1<\/p>\r\n<p>tel. 774333529 \u00a0\u00a0\u00a0\u00a0\u00a0\u00a0\u00a0\u00a0\u00a0\u00a0\u00a0\u00a0\u00a0\u00a0\u00a0\u00a0\u00a0\u00a0\u00a0\u00a0\u00a0\u00a0\u00a0\u00a0\u00a0\u00a0<\/p>\r\n<p>e-mail: sekretariat@zse.nysa.pl\u00a0\u00a0\u00a0\u00a0\u00a0\u00a0\u00a0\u00a0\u00a0\u00a0\u00a0\u00a0\u00a0\u00a0\u00a0\u00a0\u00a0\u00a0\u00a0\u00a0\u00a0<\/p>\r\n<p><a href=\"https:\/\/zse.nysa.pl\/deklaracja-dostepnosci\/\">https:\/\/zse.nysa.pl\/deklaracja-dostepnosci\/<\/a><\/p>\r\n<p>&nbsp;<\/p>\r\n<p>ZESP\u00d3\u0141 SZK\u00d3\u0141 I PLAC\u00d3WEK O\u015aWIATOWYCH IM. EMILA GODLEWSKIEGO W NYSIE<\/p>\r\n<p>48-303 Nysa ul. Rodziewicz\u00f3wny 1<\/p>\r\n<p>tel. 774310466 \u00a0\u00a0\u00a0\u00a0\u00a0\u00a0\u00a0\u00a0\u00a0\u00a0 \u00a0\u00a0\u00a0\u00a0\u00a0\u00a0\u00a0\u00a0\u00a0\u00a0\u00a0\u00a0\u00a0\u00a0\u00a0<\/p>\r\n<p>e-mail: zsr_nysa@wodip.opole.pl \u00a0<\/p>\r\n<p><a href=\"https:\/\/rolniknysa.pl\/deklaracja-dostepnosci\/\">https:\/\/rolniknysa.pl\/deklaracja-dostepnosci\/<\/a><\/p>\r\n<p>&nbsp;<\/p>\r\n<p>ZESP\u00d3\u0141 SZK\u00d3\u0141 TECHNICZNYCH W NYSIE \u00a0\u00a0\u00a0\u00a0\u00a0\u00a0\u00a0\u00a0\u00a0\u00a0\u00a0\u00a0\u00a0\u00a0\u00a0\u00a0\u00a0\u00a0\u00a0\u00a0\u00a0\u00a0\u00a0\u00a0\u00a0\u00a0\u00a0\u00a0\u00a0\u00a0\u00a0\u00a0\u00a0\u00a0\u00a0\u00a0\u00a0\u00a0\u00a0\u00a0\u00a0\u00a0\u00a0\u00a0\u00a0<\/p>\r\n<p>48-300 Nysa\u00a0 ul. Szopena 4<\/p>\r\n<p>tel. 774332119 \u00a0\u00a0\u00a0\u00a0\u00a0\u00a0\u00a0\u00a0\u00a0\u00a0\u00a0\u00a0\u00a0\u00a0\u00a0\u00a0\u00a0\u00a0\u00a0\u00a0\u00a0\u00a0\u00a0\u00a0\u00a0\u00a0<\/p>\r\n<p>e-mail: zst-nysa@wp.pl \u00a0\u00a0\u00a0\u00a0\u00a0\u00a0\u00a0\u00a0\u00a0\u00a0\u00a0\u00a0\u00a0\u00a0\u00a0\u00a0\u00a0\u00a0\u00a0\u00a0\u00a0\u00a0\u00a0<\/p>\r\n<p><a href=\"https:\/\/zstnysa.pl\/deklaracja-dostepnosci\/\">https:\/\/zstnysa.pl\/deklaracja-dostepnosci\/<\/a><\/p>\r\n<p>&nbsp;<\/p>\r\n<p>ZESP\u00d3\u0141 SZK\u00d3\u0141 EKONOMICZNYCH I OG\u00d3LNOKSZTA\u0141C\u0104CYCH IM. MIKO\u0141AJA KOPERNIKA W OLE\u015aNIE<\/p>\r\n<p>46-300 Olesno ul. Powsta\u0144c\u00f3w \u015al. 4<\/p>\r\n<p>tel. 343582068 \u00a0\u00a0\u00a0\u00a0\u00a0\u00a0\u00a0\u00a0\u00a0\u00a0\u00a0\u00a0\u00a0\u00a0\u00a0\u00a0\u00a0\u00a0\u00a0\u00a0\u00a0\u00a0\u00a0\u00a0\u00a0\u00a0<\/p>\r\n<p>e-mail: ekonomikolesno@gmail.com \u00a0\u00a0\u00a0\u00a0\u00a0\u00a0\u00a0\u00a0\u00a0\u00a0\u00a0\u00a0\u00a0\u00a0\u00a0\u00a0\u00a0\u00a0\u00a0\u00a0\u00a0\u00a0\u00a0\u00a0<\/p>\r\n<p><a href=\"https:\/\/zseioolesno.edupage.org\/privacy\/?eqa=cHJpc3R1cG5vc3Q9MQ%3D%3D\">https:\/\/zseioolesno.edupage.org\/privacy\/?eqa=cHJpc3R1cG5vc3Q9MQ%3D%3D<\/a><\/p>\r\n<p>&nbsp;<\/p>\r\n<p>ZESP\u00d3\u0141 SZK\u00d3\u0141 ZAWODOWYCH IM. J\u00d3ZEFA LOMPY W OLE\u015aNIE \u00a0\u00a0\u00a0\u00a0\u00a0\u00a0\u00a0\u00a0\u00a0\u00a0\u00a0\u00a0\u00a0\u00a0\u00a0\u00a0\u00a0\u00a0\u00a0\u00a0\u00a0\u00a0\u00a0\u00a0\u00a0\u00a0\u00a0<\/p>\r\n<p>46-300 Olesno Wielkie Przedmie\u015bcie 41<\/p>\r\n<p>tel. 343582615\u00a0\u00a0\u00a0\u00a0\u00a0\u00a0\u00a0\u00a0\u00a0\u00a0\u00a0\u00a0\u00a0\u00a0\u00a0\u00a0\u00a0\u00a0\u00a0\u00a0\u00a0\u00a0\u00a0\u00a0\u00a0\u00a0\u00a0<\/p>\r\n<p>e-mail: zszolesno@o2.pl \u00a0\u00a0\u00a0\u00a0<\/p>\r\n<p><a href=\"https:\/\/zszolesno.pl\/komunikaty\/deklaracja-dostepnosci\/\">https:\/\/zszolesno.pl\/komunikaty\/deklaracja-dostepnosci\/<\/a><\/p>\r\n<p>&nbsp;<\/p>\r\n<p>AKADEMIA RZEMIOS\u0141A I PRZEDSI\u0118BIORCZO\u015aCI PRZY PO \u00a0\u00a0\u00a0\u00a0\u00a0\u00a0\u00a0\u00a0\u00a0\u00a0\u00a0\u00a0\u00a0\u00a0\u00a0\u00a0\u00a0\u00a0\u00a0\u00a0\u00a0\u00a0\u00a0\u00a0<\/p>\r\n<p>46-020 Opole ul. Luboszycka 9<\/p>\r\n<p>tel. 774007872<\/p>\r\n<p>e-mail: rekrutacja@akademiarzemiosla.opole.pl\u00a0\u00a0\u00a0\u00a0\u00a0\u00a0\u00a0\u00a0\u00a0\u00a0\u00a0\u00a0\u00a0\u00a0<\/p>\r\n<p><a href=\"https:\/\/akademiarzemiosla.opole.pl\/\">https:\/\/akademiarzemiosla.opole.pl\/<\/a><\/p>\r\n<p>&nbsp;<\/p>\r\n<p>ZESP\u00d3\u0141 SZK\u00d3\u0141 BUDOWLANYCH IM. JANA PAW\u0141A II W OPOLU\u00a0\u00a0\u00a0\u00a0\u00a0\u00a0\u00a0\u00a0\u00a0\u00a0\u00a0\u00a0\u00a0\u00a0\u00a0\u00a0\u00a0\u00a0\u00a0\u00a0\u00a0\u00a0\u00a0\u00a0\u00a0\u00a0\u00a0\u00a0\u00a0\u00a0\u00a0<\/p>\r\n<p>45-761 Opole ul. Niemodli\u0144ska 40<\/p>\r\n<p>tel. 774745454 \u00a0\u00a0\u00a0\u00a0\u00a0\u00a0\u00a0\u00a0\u00a0\u00a0\u00a0\u00a0\u00a0\u00a0\u00a0\u00a0\u00a0\u00a0\u00a0\u00a0\u00a0\u00a0\u00a0\u00a0\u00a0\u00a0<\/p>\r\n<p>e-mail: sekretariat@zsbopole.pl \u00a0\u00a0\u00a0<\/p>\r\n<p><a href=\"https:\/\/www.zsbopole.pl\/deklaracja-dostepnosci\/\">https:\/\/www.zsbopole.pl\/deklaracja-dostepnosci\/<\/a><\/p>\r\n<p>&nbsp;<\/p>\r\n<p>ZESP\u00d3\u0141 SZK\u00d3\u0141 EKONOMICZNYCH IM. GEN. STEFANA GROTA ROWECKIEGO \u201eGROTA\u201d W OPOLU \u00a0\u00a0\u00a0\u00a0\u00a0\u00a0\u00a0\u00a0\u00a0\u00a0\u00a0\u00a0\u00a0\u00a0 \u00a0\u00a0\u00a0\u00a0\u00a0\u00a0\u00a0\u00a0\u00a0\u00a0\u00a0\u00a0\u00a0\u00a0\u00a0\u00a0\u00a0\u00a0\u00a0\u00a0\u00a0\u00a0\u00a0\u00a0\u00a0\u00a0\u00a0\u00a0\u00a0\u00a0<\/p>\r\n<p>45-062 Opole ul. Ko\u015bciuszki 43<\/p>\r\n<p>tel. 774536641 \u00a0\u00a0\u00a0\u00a0\u00a0\u00a0\u00a0\u00a0\u00a0\u00a0\u00a0\u00a0\u00a0\u00a0\u00a0\u00a0\u00a0\u00a0\u00a0\u00a0\u00a0\u00a0\u00a0\u00a0\u00a0\u00a0<\/p>\r\n<p>e-mail: szkola@zse.opole.pl \u00a0\u00a0\u00a0\u00a0\u00a0\u00a0\u00a0\u00a0\u00a0\u00a0\u00a0\u00a0<\/p>\r\n<p><a href=\"https:\/\/ekonomik.opole.pl\/eko3\/deklaracja-dostepnosci\/\">https:\/\/ekonomik.opole.pl\/eko3\/deklaracja-dostepnosci\/<\/a><\/p>\r\n<p>&nbsp;<\/p>\r\n<p>ZESP\u00d3\u0141 SZK\u00d3\u0141 ELEKTRYCZNYCH IM. TADEUSZA KO\u015aCIUSZKI W OPOLU<\/p>\r\n<p>45-062 Opole ul. Ko\u015bciuszki 39-41<\/p>\r\n<p>tel. 774544524 \u00a0\u00a0\u00a0\u00a0\u00a0\u00a0\u00a0\u00a0\u00a0\u00a0<\/p>\r\n<p>e-mail: elektryk@elektryk.opole.pl \u00a0\u00a0\u00a0\u00a0\u00a0\u00a0\u00a0\u00a0\u00a0\u00a0\u00a0\u00a0\u00a0\u00a0\u00a0\u00a0\u00a0\u00a0\u00a0\u00a0\u00a0\u00a0\u00a0\u00a0\u00a0\u00a0\u00a0\u00a0\u00a0<\/p>\r\n<p><a href=\"https:\/\/elektryk.opole.pl\/deklaracja-dost%C4%99pno%C5%9Bci.html\">https:\/\/elektryk.opole.pl\/deklaracja-dost%C4%99pno%C5%9Bci.html<\/a><\/p>\r\n<p>&nbsp;<\/p>\r\n<p>ZESP\u00d3\u0141 SZK\u00d3\u0141 MECHANICZNYCH W OPOLU \u00a0\u00a0\u00a0\u00a0\u00a0\u00a0\u00a0\u00a0\u00a0\u00a0\u00a0\u00a0\u00a0\u00a0\u00a0\u00a0\u00a0\u00a0\u00a0\u00a0\u00a0<\/p>\r\n<p>45-027 Opole 22, ul. E. Osma\u0144czyka 22<\/p>\r\n<p>tel. 774543850 \u00a0\u00a0\u00a0\u00a0\u00a0\u00a0\u00a0\u00a0\u00a0\u00a0\u00a0\u00a0\u00a0\u00a0\u00a0\u00a0\u00a0\u00a0\u00a0\u00a0\u00a0\u00a0\u00a0\u00a0\u00a0\u00a0<\/p>\r\n<p>e-mail: sekretariat@zsm.opole.pl\u00a0<\/p>\r\n<p><a href=\"https:\/\/www.zsm.opole.pl\/dokumenty\/szkolne\/deklaracja_dostepnosci_strony_internetowej_01.pdf\">https:\/\/www.zsm.opole.pl\/dokumenty\/szkolne\/deklaracja_dostepnosci_strony_internetowej_01.pdf<\/a><\/p>\r\n<p>&nbsp;<\/p>\r\n<p>ZESP\u00d3\u0141 SZK\u00d3\u0141 TECHNICZNYCH I OG\u00d3LNOKSZTA\u0141C\u0104CYCH IM. K. GZOWSKIEGO W OPOLU<\/p>\r\n<p>45-867 Opole \u00a0ul. J. Hallera 6<\/p>\r\n<p>tel. 774745942 \u00a0\u00a0\u00a0\u00a0\u00a0\u00a0\u00a0\u00a0\u00a0\u00a0\u00a0\u00a0\u00a0\u00a0\u00a0\u00a0\u00a0\u00a0\u00a0\u00a0\u00a0\u00a0\u00a0\u00a0\u00a0\u00a0<\/p>\r\n<p>e-mail: gzowski@wp.pl \u00a0\u00a0\u00a0\u00a0\u00a0\u00a0\u00a0\u00a0<\/p>\r\n<p><a href=\"https:\/\/gzowski.opole.pl\/wp-content\/uploads\/2024\/02\/deklaracja-zgodnosci-strony.pdf\">https:\/\/gzowski.opole.pl\/wp-content\/uploads\/2024\/02\/deklaracja-zgodnosci-strony.pdf<\/a><\/p>\r\n<p>&nbsp;<\/p>\r\n<p>ZESP\u00d3\u0141 SZK\u00d3\u0141 ZAWODOWYCH NR 4 IM. BRONIS\u0141AWA KORASZEWSKIEGO\u00a0\u00a0\u00a0\u00a0\u00a0\u00a0\u00a0\u00a0\u00a0\u00a0\u00a0\u00a0\u00a0\u00a0\u00a0\u00a0<\/p>\r\n<p>45-867 Opole\u00a0 ul. J. Hallera 64<\/p>\r\n<p>tel. 774745359 \u00a0\u00a0\u00a0\u00a0\u00a0\u00a0\u00a0\u00a0\u00a0\u00a0\u00a0\u00a0\u00a0\u00a0\u00a0\u00a0\u00a0\u00a0\u00a0\u00a0\u00a0\u00a0\u00a0\u00a0\u00a0\u00a0<\/p>\r\n<p>e-mail: sekretariat@zsz4.opole.pl<\/p>\r\n<p><a href=\"https:\/\/zsz4.opole.pl\/index.php\/kontakt\">https:\/\/zsz4.opole.pl\/index.php\/kontakt<\/a><\/p>\r\n<p>&nbsp;<\/p>\r\n<p>ZESP\u00d3\u0141 SZK\u00d3\u0141 ZAWODOWYCH IM. STANIS\u0141AWA STASZICA W OPOLU<\/p>\r\n<p>45-073 Opole \u00a0ul. A. Struga 16<\/p>\r\n<p>tel. 774536651 \u00a0\u00a0\u00a0\u00a0\u00a0\u00a0\u00a0\u00a0\u00a0\u00a0\u00a0\u00a0\u00a0\u00a0\u00a0\u00a0\u00a0\u00a0\u00a0\u00a0\u00a0\u00a0\u00a0\u00a0\u00a0\u00a0<\/p>\r\n<p>e-mail: sekretariat@staszic.opole.pl \u00a0\u00a0\u00a0\u00a0\u00a0\u00a0\u00a0\u00a0\u00a0\u00a0\u00a0\u00a0\u00a0\u00a0\u00a0\u00a0\u00a0\u00a0\u00a0\u00a0\u00a0\u00a0\u00a0\u00a0\u00a0<\/p>\r\n<p><a href=\"https:\/\/staszic.opole.pl\/deklaracja-dostepnosci\/\">https:\/\/staszic.opole.pl\/deklaracja-dostepnosci\/<\/a><\/p>\r\n<p>&nbsp;<\/p>\r\n<p>ZESP\u00d3\u0141 SZK\u00d3\u0141 W OTMUCHOWIE \u00a0\u00a0\u00a0\u00a0\u00a0\u00a0\u00a0\u00a0\u00a0\u00a0\u00a0\u00a0\u00a0\u00a0\u00a0\u00a0<\/p>\r\n<p>48-835 Otmuch\u00f3w \u00a0ul. Krakowska 36<\/p>\r\n<p>tel. 774315156 \u00a0\u00a0\u00a0\u00a0\u00a0\u00a0\u00a0\u00a0\u00a0\u00a0\u00a0\u00a0\u00a0\u00a0\u00a0\u00a0\u00a0\u00a0\u00a0\u00a0\u00a0\u00a0\u00a0\u00a0\u00a0\u00a0<\/p>\r\n<p>e-mail: zsotmuchow@zsotmuchow.pl \u00a0\u00a0\u00a0\u00a0\u00a0\u00a0\u00a0\u00a0\u00a0\u00a0\u00a0\u00a0\u00a0\u00a0\u00a0\u00a0\u00a0\u00a0\u00a0\u00a0\u00a0<\/p>\r\n<p><a href=\"https:\/\/zsotmuchow.pl\/deklaracja-dostepnosci-zespolu-szkol-w-otmuchowie\/\">https:\/\/zsotmuchow.pl\/deklaracja-dostepnosci-zespolu-szkol-w-otmuchowie\/<\/a><\/p>\r\n<p>&nbsp;<\/p>\r\n<p>ZESP\u00d3\u0141 SZK\u00d3\u0141 W OZIMKU \u00a0\u00a0\u00a0\u00a0\u00a0\u00a0\u00a0\u00a0\u00a0\u00a0\u00a0\u00a0\u00a0\u00a0\u00a0\u00a0<\/p>\r\n<p>46-040 Ozimek ul. Cz\u0119stochowska 24<\/p>\r\n<p>tel. 774651918 \u00a0\u00a0\u00a0\u00a0\u00a0\u00a0\u00a0\u00a0\u00a0\u00a0\u00a0\u00a0\u00a0\u00a0\u00a0\u00a0\u00a0\u00a0\u00a0\u00a0\u00a0\u00a0\u00a0\u00a0\u00a0\u00a0<\/p>\r\n<p>e-mail: zsosekretariat@zsozimek.pl lub zs.ozimek@zsozimek.pl\u00a0 \u00a0\u00a0\u00a0\u00a0\u00a0\u00a0\u00a0\u00a0<\/p>\r\n<p><a href=\"https:\/\/www.zsozimek.pl\/deklaracja-dostepnosci\/\">https:\/\/www.zsozimek.pl\/deklaracja-dostepnosci\/<\/a><\/p>\r\n<p>&nbsp;<\/p>\r\n<p>ZESP\u00d3\u0141 SZK\u00d3\u0141 PONADPODSTAWOWYCH \u00a0NR 1 W PRASZCE<\/p>\r\n<p>46-32 Praszka \u00a0ul. Sportowa 8<\/p>\r\n<p>tel. 77343591196 \u00a0\u00a0\u00a0\u00a0\u00a0\u00a0\u00a0\u00a0\u00a0\u00a0\u00a0\u00a0\u00a0\u00a0\u00a0\u00a0\u00a0\u00a0\u00a0\u00a0<\/p>\r\n<p>e-mail: sekretariat@zsp-praszka.pl\u00a0\u00a0\u00a0\u00a0\u00a0\u00a0\u00a0\u00a0\u00a0\u00a0\u00a0\u00a0\u00a0\u00a0\u00a0\u00a0\u00a0\u00a0\u00a0\u00a0\u00a0\u00a0\u00a0\u00a0\u00a0\u00a0\u00a0\u00a0\u00a0<\/p>\r\n<p><a href=\"http:\/\/zsp-praszka.pl\/informacje\/deklaracja-dostepnosci\/\">http:\/\/zsp-praszka.pl\/informacje\/deklaracja-dostepnosci\/<\/a><\/p>\r\n<p>&nbsp;<\/p>\r\n<p>CENTRUM KSZTA\u0141CENIA ZAWODOWEGO I USTAWICZNEGO W PRUDNIKU<\/p>\r\n<p>48-200 Prudnik ul. Pr\u0119\u017cy\u0144skiej 3-5-7<\/p>\r\n<p>tel. 774362995 \u00a0\u00a0\u00a0\u00a0\u00a0\u00a0\u00a0\u00a0\u00a0\u00a0\u00a0\u00a0\u00a0\u00a0\u00a0\u00a0\u00a0\u00a0\u00a0\u00a0\u00a0\u00a0\u00a0\u00a0\u00a0\u00a0<\/p>\r\n<p>e-mail: centrum@ckziu-prudnik.pl \u00a0\u00a0\u00a0\u00a0\u00a0\u00a0\u00a0\u00a0\u00a0\u00a0\u00a0\u00a0\u00a0<\/p>\r\n<p><a href=\"https:\/\/www.ckziu-prudnik.pl\/strona_64_deklaracja_dostepnosci.html\">https:\/\/www.ckziu-prudnik.pl\/strona_64_deklaracja_dostepnosci.html<\/a><\/p>\r\n<p>&nbsp;<\/p>\r\n<p>ZESP\u00d3\u0141 SZK\u00d3\u0141 MEDYCZNYCH IM. JANUSZA KORCZAKA W PRUDNIKU\u00a0\u00a0\u00a0\u00a0\u00a0\u00a0\u00a0\u00a0\u00a0\u00a0\u00a0\u00a0\u00a0\u00a0\u00a0\u00a0\u00a0\u00a0\u00a0\u00a0\u00a0\u00a0\u00a0\u00a0\u00a0\u00a0\u00a0\u00a0\u00a0\u00a0\u00a0\u00a0\u00a0\u00a0\u00a0\u00a0\u00a0\u00a0\u00a0\u00a0\u00a0\u00a0\u00a0\u00a0\u00a0<\/p>\r\n<p>48-200 Prudnik , ul. Piastowska 26<\/p>\r\n<p>tel. 774362784 \u00a0\u00a0\u00a0\u00a0\u00a0\u00a0\u00a0\u00a0\u00a0\u00a0\u00a0\u00a0\u00a0\u00a0\u00a0\u00a0\u00a0\u00a0\u00a0\u00a0\u00a0\u00a0\u00a0\u00a0\u00a0\u00a0<\/p>\r\n<p>e-mail: medyk@zskorczak-prudnik.pl \u00a0\u00a0\u00a0\u00a0\u00a0\u00a0\u00a0<\/p>\r\n<p><a href=\"https:\/\/medykprudnik.biuletyn.net.pl\/bip-strona-163-deklaracjadostepnosci.html\">https:\/\/medykprudnik.biuletyn.net.pl\/bip-strona-163-deklaracjadostepnosci.html<\/a><\/p>\r\n<p>&nbsp;<\/p>\r\n<p>ZESP\u00d3\u0141 SZK\u00d3\u0141 ROLNICZYCH W PRUDNIKU<\/p>\r\n<p>48-200 Prudnik, ul. Ko\u015bciuszki 76<\/p>\r\n<p>tel. 773362095<\/p>\r\n<p>e-mail: sekretariat@zsrprudnik.edu.pl<\/p>\r\n<p><a href=\"https:\/\/zsrprudnik.bip.gov.pl\/dokumenty-szkolne\/884963_deklaracja-dostepnosci.html\">https:\/\/zsrprudnik.bip.gov.pl\/dokumenty-szkolne\/884963_deklaracja-dostepnosci.html<\/a><\/p>\r\n<p>&nbsp;<\/p>\r\n<p>CENTRUM KSZTA\u0141CENIA ZAWODOWEGO I USTAWICZNEGO W STRZELCACH OPOLSKICH<\/p>\r\n<p>Powsta\u0144c\u00f3w \u015al. 3, 47-100 Strzelce Opolskie<\/p>\r\n<p>tel. 774612701<\/p>\r\n<p>e-mail: sekretariat@ckziu-strzelce.pl<\/p>\r\n<p><a href=\"https:\/\/www.ckziu-strzelce.pl\/zapewnienie-dostenosci\/\">https:\/\/www.ckziu-strzelce.pl\/zapewnienie-dostenosci\/<\/a><\/p>\r\n<p>&nbsp;<\/p>\r\n<p>ZESP\u00d3\u0141 SZK\u00d3\u0141 W TU\u0141OWICACH<\/p>\r\n<p>Zamkowa 15, 49-130 Tu\u0142owice<\/p>\r\n<p>tel. 774277036<\/p>\r\n<p>e-mail: sekretariat@tltulowice.pl<\/p>\r\n<p><a href=\"https:\/\/zstulowice.szkolna.net\/deklaracja-dostepnosci\">https:\/\/zstulowice.szkolna.net\/deklaracja-dostepnosci<\/a><\/p>\r\n<p>&nbsp;<\/p>\r\n<p>ZESP\u00d3\u0141 SZK\u00d3\u0141 PONADPODSTAWOWYCH W ZAWADZKIEM<\/p>\r\n<p>Kr\u00f3tka 1; 47-120 Zawadzkie<\/p>\r\n<p>tel. 774 616\u00a0430<\/p>\r\n<p>e-mail: szkola@zspzawadzkie.pl<\/p>\r\n<p><a href=\"https:\/\/zspzawadzkie.pl\/index.php?option=com_content&amp;view=article&amp;id=213&amp;Itemid=183\">https:\/\/zspzawadzkie.pl\/index.php?option=com_content&amp;view=article&amp;id=213&amp;Itemid=183<\/a><\/p>\r\n<p>&nbsp;<\/p>\r\n<p>ZESP\u00d3\u0141 SZK\u00d3\u0141 IM. JANA PAW\u0141A II W ZDZIESZOWICACH<\/p>\r\n<p>G\u00f3ra \u015aw. Anny 21a, 47-330 Zdzieszowice<\/p>\r\n<p>tel. 774844997<\/p>\r\n<p>e-mail: sekretariat@zs.zdzieszowice.pl<\/p>\r\n<p><a href=\"https:\/\/zsjp.bip.powiatkrapkowicki.pl\/28\/55\/raport-dostepnosci.html\">https:\/\/zsjp.bip.powiatkrapkowicki.pl\/28\/55\/raport-dostepnosci.html<\/a><\/p>\r\n<p>&nbsp;<\/p>\r\n<p>SZKO\u0141Y SPECJALNE Z SZKO\u0141AMI BRAN\u017bOWYMI<\/p>\r\n<p>ZESP\u00d3\u0141 SZK\u00d3\u0141 SPECJALNYCH IM. JANA BRZECHWY W K\u0118DZIERZYNIE-KO\u0179LU<\/p>\r\n<p>Krasickiego 10, 47-206 K\u0119dzierzyn-Ko\u017ale<\/p>\r\n<p>tel. 774823564<\/p>\r\n<p>e-mail: zss.kkozle@op.pl<\/p>\r\n<p><a href=\"https:\/\/szkolabrzechwy.pl\/?page_id=475\">https:\/\/szkolabrzechwy.pl\/?page_id=475<\/a><\/p>\r\n<p>&nbsp;<\/p>\r\n<p>SPECJALNY O\u015aRODEK SZKOLNO-WYCHOWAWCZY W PRUDNIKU<\/p>\r\n<p>M\u0142y\u0144ska 1, 48-200 Prudnik<\/p>\r\n<p>tel. 774363530<\/p>\r\n<p>e-mail: <a href=\"mailto:zss_prudnik@wodip.opole.pl\">zss_prudnik@wodip.opole.pl<\/a><\/p>\r\n<p><a href=\"http:\/\/www.soswprudnik.szkolna.net\/deklaracja-dostepnosci\/deklaracja-dostepnosci-2025\">http:\/\/www.soswprudnik.szkolna.net\/deklaracja-dostepnosci\/deklaracja-dostepnosci-2025<\/a><\/p>\r\n<p>&nbsp;<\/p>\r\n<p>ZESP\u00d3\u0141 PLAC\u00d3WEK O\u015aWIATOWYCH W LE\u015aNICY<\/p>\r\n<p>Kozielska 20, 47-150 Le\u015bnica<\/p>\r\n<p>tel. 774615216<\/p>\r\n<p>e-mail: sekretariat@zpolesnica.pl<\/p>\r\n<p><a href=\"https:\/\/zpolesnica.pl\/dostepnosc\/\">https:\/\/zpolesnica.pl\/dostepnosc\/<\/a><\/p>\r\n<p>&nbsp;<\/p>\r\n<p>SPECJALNY O\u015aRODEK SZKOLNO-WYCHOWAWCZY W KLUCZBORKU<\/p>\r\n<p>Sienkiewicza 27, 46-200 Kluczbork<\/p>\r\n<p>tel. 774181649<\/p>\r\n<p>e-mail: <a href=\"mailto:sosw@powiatkluczborski.pl\">sosw@powiatkluczborski.pl<\/a><\/p>\r\n<p><a href=\"http:\/\/soswkluczbork.pl\/deklaracja-dostepnosci\/\">http:\/\/soswkluczbork.pl\/deklaracja-dostepnosci\/<\/a><\/p>\r\n<p>&nbsp;<\/p>\r\n<p>SPECJALNY O\u015aRODEK SZKOLNO-WYCHOWAWCZY W GRODKOWIE<\/p>\r\n<p>Krakowska 31, 49-200 Grodk\u00f3w<\/p>\r\n<p>tel. 774155488<\/p>\r\n<p>e-mail: osrodek@soswgrodkow.pl<\/p>\r\n<p><a href=\"https:\/\/sosw.grodkow.pl\/pl\/5-bip\/222-deklaracja-dostepnosci.html#tresc\">https:\/\/sosw.grodkow.pl\/pl\/5-bip\/222-deklaracja-dostepnosci.html#tresc<\/a><\/p>\r\n<p>&nbsp;<\/p>\r\n<p><a href=\"http:\/\/osz.oce.opolskie.pl\/wp-content\/uploads\/2025\/05\/Klauzula-informacyjna-i-oswiadczenie-uczestnika-projektu.docx\">Klauzula informacyjna i o\u015bwiadczenie uczestnika projektu<\/a> (Word) obowi\u0105zuj\u0105ca od 23 kwietnia 2025 r.<\/p>\r\n<p><a href=\"http:\/\/osz.oce.opolskie.pl\/wp-content\/uploads\/2025\/05\/Klauzula-informacyjna-i-oswiadczenie-uczestnika-projektu.pdf\">Klauzula informacyjna i o\u015bwiadczenie uczestnika projektu<\/a> (PDF) obowi\u0105zuj\u0105ca od 23 kwietnia 2025 r.<\/p>\r\n","protected":false},"excerpt":{"rendered":"<p>Opis projektu pn.: \u201eOpolskie Szkolnictwo Zawodowe\u201d Opolskie Centrum Edukacji realizuje projekt dofinansowany ze \u015brodk\u00f3w Europejskiego Funduszu Spo\u0142ecznego Plus w ramach programu regionalnego Fundusze Europejskie dla Opolskiego 2021-2027nab\u00f3r nr: FEOP.05.09-IP.02-001\/23 dla Dzia\u0142ania 5.9 Kszta\u0142cenie zawodowe Priorytetu 5 Fundusze Europejskie wspieraj\u0105ce opolski rynek pracy i edukacj\u0119. \u0141\u0105czny bud\u017cet projektu: 28\u00a0327\u00a0483,04 z\u0142 Dofinansowanie projektu: \u2013 EFS+: 24 078 [&hellip;]<\/p>\n","protected":false},"author":1,"featured_media":0,"parent":0,"menu_order":0,"comment_status":"closed","ping_status":"closed","template":"","meta":{"footnotes":""},"class_list":["post-12","page","type-page","status-publish","hentry"],"_links":{"self":[{"href":"https:\/\/osz.oce.opolskie.pl\/index.php\/wp-json\/wp\/v2\/pages\/12","targetHints":{"allow":["GET"]}}],"collection":[{"href":"https:\/\/osz.oce.opolskie.pl\/index.php\/wp-json\/wp\/v2\/pages"}],"about":[{"href":"https:\/\/osz.oce.opolskie.pl\/index.php\/wp-json\/wp\/v2\/types\/page"}],"author":[{"embeddable":true,"href":"https:\/\/osz.oce.opolskie.pl\/index.php\/wp-json\/wp\/v2\/users\/1"}],"replies":[{"embeddable":true,"href":"https:\/\/osz.oce.opolskie.pl\/index.php\/wp-json\/wp\/v2\/comments?post=12"}],"version-history":[{"count":6,"href":"https:\/\/osz.oce.opolskie.pl\/index.php\/wp-json\/wp\/v2\/pages\/12\/revisions"}],"predecessor-version":[{"id":249,"href":"https:\/\/osz.oce.opolskie.pl\/index.php\/wp-json\/wp\/v2\/pages\/12\/revisions\/249"}],"wp:attachment":[{"href":"https:\/\/osz.oce.opolskie.pl\/index.php\/wp-json\/wp\/v2\/media?parent=12"}],"curies":[{"name":"wp","href":"https:\/\/api.w.org\/{rel}","templated":true}]}}